{"id":1328,"date":"2024-08-10T12:03:27","date_gmt":"2024-08-10T12:03:27","guid":{"rendered":"https:\/\/islandpferdefreunde-zdm.net\/?page_id=1328"},"modified":"2025-11-23T09:45:47","modified_gmt":"2025-11-23T09:45:47","slug":"news","status":"publish","type":"page","link":"https:\/\/islandpferdefreunde-zdm.net\/?page_id=1328","title":{"rendered":"News"},"content":{"rendered":"\n<p>Am <strong>21.11.25 fand unser Stammtisch auf Gut Apeld\u00f6r<\/strong> statt. Wir hatten einen gem\u00fctlich Abend mit guten Gespr\u00e4chen in winterlicher Stimmung. <\/p>\n\n\n\n<figure class=\"wp-block-image size-large is-resized\"><img loading=\"lazy\" decoding=\"async\" width=\"909\" height=\"1024\" src=\"https:\/\/islandpferdefreunde-zdm.net\/wp-content\/uploads\/2025\/11\/21.11.25-stammtisch-Gut-apeldoer-1-909x1024.jpg\" alt=\"\" class=\"wp-image-1589\" style=\"width:268px;height:auto\" srcset=\"https:\/\/islandpferdefreunde-zdm.net\/wp-content\/uploads\/2025\/11\/21.11.25-stammtisch-Gut-apeldoer-1-909x1024.jpg 909w, https:\/\/islandpferdefreunde-zdm.net\/wp-content\/uploads\/2025\/11\/21.11.25-stammtisch-Gut-apeldoer-1-266x300.jpg 266w, https:\/\/islandpferdefreunde-zdm.net\/wp-content\/uploads\/2025\/11\/21.11.25-stammtisch-Gut-apeldoer-1-768x866.jpg 768w, https:\/\/islandpferdefreunde-zdm.net\/wp-content\/uploads\/2025\/11\/21.11.25-stammtisch-Gut-apeldoer-1-1363x1536.jpg 1363w, https:\/\/islandpferdefreunde-zdm.net\/wp-content\/uploads\/2025\/11\/21.11.25-stammtisch-Gut-apeldoer-1.jpg 1512w\" sizes=\"auto, (max-width: 909px) 100vw, 909px\" \/><\/figure>\n\n\n\n<p>Der <strong>T\u00f6ltkurs  in 24407 Rabenkirchenholz<\/strong> wurde sehr gut angenommen. Wir haben viel gelernt und freuen uns auf die folgenden Kurse.<\/p>\n\n\n\n<figure class=\"wp-block-gallery has-nested-images columns-default is-cropped wp-block-gallery-1 is-layout-flex wp-block-gallery-is-layout-flex\">\n<figure class=\"wp-block-image size-large\"><img loading=\"lazy\" decoding=\"async\" width=\"767\" height=\"1024\" data-id=\"1572\" src=\"https:\/\/islandpferdefreunde-zdm.net\/wp-content\/uploads\/2025\/08\/PHOTO-2025-08-18-15-59-01-1-767x1024.jpg\" alt=\"\" class=\"wp-image-1572\" srcset=\"https:\/\/islandpferdefreunde-zdm.net\/wp-content\/uploads\/2025\/08\/PHOTO-2025-08-18-15-59-01-1-767x1024.jpg 767w, https:\/\/islandpferdefreunde-zdm.net\/wp-content\/uploads\/2025\/08\/PHOTO-2025-08-18-15-59-01-1-225x300.jpg 225w, https:\/\/islandpferdefreunde-zdm.net\/wp-content\/uploads\/2025\/08\/PHOTO-2025-08-18-15-59-01-1-768x1025.jpg 768w, https:\/\/islandpferdefreunde-zdm.net\/wp-content\/uploads\/2025\/08\/PHOTO-2025-08-18-15-59-01-1-1151x1536.jpg 1151w, https:\/\/islandpferdefreunde-zdm.net\/wp-content\/uploads\/2025\/08\/PHOTO-2025-08-18-15-59-01-1.jpg 1199w\" sizes=\"auto, (max-width: 767px) 100vw, 767px\" \/><\/figure>\n\n\n\n<figure class=\"wp-block-image size-large\"><img loading=\"lazy\" decoding=\"async\" width=\"768\" height=\"1024\" data-id=\"1573\" src=\"https:\/\/islandpferdefreunde-zdm.net\/wp-content\/uploads\/2025\/08\/PHOTO-2025-08-18-16-13-13_-768x1024.jpg\" alt=\"\" class=\"wp-image-1573\" srcset=\"https:\/\/islandpferdefreunde-zdm.net\/wp-content\/uploads\/2025\/08\/PHOTO-2025-08-18-16-13-13_-768x1024.jpg 768w, https:\/\/islandpferdefreunde-zdm.net\/wp-content\/uploads\/2025\/08\/PHOTO-2025-08-18-16-13-13_-225x300.jpg 225w, https:\/\/islandpferdefreunde-zdm.net\/wp-content\/uploads\/2025\/08\/PHOTO-2025-08-18-16-13-13_.jpg 896w\" sizes=\"auto, (max-width: 768px) 100vw, 768px\" \/><\/figure>\n\n\n\n<figure class=\"wp-block-image size-large\"><img loading=\"lazy\" decoding=\"async\" width=\"767\" height=\"1024\" data-id=\"1574\" src=\"https:\/\/islandpferdefreunde-zdm.net\/wp-content\/uploads\/2025\/08\/PHOTO-2025-08-18-16-09-55_1-767x1024.jpg\" alt=\"\" class=\"wp-image-1574\" srcset=\"https:\/\/islandpferdefreunde-zdm.net\/wp-content\/uploads\/2025\/08\/PHOTO-2025-08-18-16-09-55_1-767x1024.jpg 767w, https:\/\/islandpferdefreunde-zdm.net\/wp-content\/uploads\/2025\/08\/PHOTO-2025-08-18-16-09-55_1-225x300.jpg 225w, https:\/\/islandpferdefreunde-zdm.net\/wp-content\/uploads\/2025\/08\/PHOTO-2025-08-18-16-09-55_1-768x1025.jpg 768w, https:\/\/islandpferdefreunde-zdm.net\/wp-content\/uploads\/2025\/08\/PHOTO-2025-08-18-16-09-55_1-1151x1536.jpg 1151w, https:\/\/islandpferdefreunde-zdm.net\/wp-content\/uploads\/2025\/08\/PHOTO-2025-08-18-16-09-55_1.jpg 1199w\" sizes=\"auto, (max-width: 767px) 100vw, 767px\" \/><\/figure>\n<\/figure>\n\n\n\n<p><strong>3.5. 25 Sattelseminar mit der Sattelfitterin (und Osteopathin, Physiotherapeutin und Craniosacral-Therapeutin<\/strong>) <strong>Ina Nielsen,<\/strong> F\u00fcr sieben Teilnehmerinnen gab es von Ina umfangreiches Fachwissen rund um den Sattel. Erst in der Theorie und dann in der Praxis am Pferd konnten wir in sechs Stunden vieles in anschaulicher, praxisorientierter Weise lernen und begreifen. In der gem\u00fctlichen Sattelkammer von Kiki und Katharina in Rabenkirchen wurden wir ganz wunderbar bewirtet und es standen etliche S\u00e4ttel als Anschauungsobjekte zur Verf\u00fcgung. Herzlichen Dank f\u00fcr diesen tollen Kurs und die super Organisation! <\/p>\n\n\n\n<figure class=\"wp-block-gallery has-nested-images columns-default is-cropped wp-block-gallery-2 is-layout-flex wp-block-gallery-is-layout-flex\">\n<figure class=\"wp-block-image size-large\"><img loading=\"lazy\" decoding=\"async\" width=\"768\" height=\"1024\" data-id=\"1557\" src=\"https:\/\/islandpferdefreunde-zdm.net\/wp-content\/uploads\/2025\/05\/IMG_0598-768x1024.jpg\" alt=\"\" class=\"wp-image-1557\" srcset=\"https:\/\/islandpferdefreunde-zdm.net\/wp-content\/uploads\/2025\/05\/IMG_0598-768x1024.jpg 768w, https:\/\/islandpferdefreunde-zdm.net\/wp-content\/uploads\/2025\/05\/IMG_0598-225x300.jpg 225w, https:\/\/islandpferdefreunde-zdm.net\/wp-content\/uploads\/2025\/05\/IMG_0598-1152x1536.jpg 1152w, https:\/\/islandpferdefreunde-zdm.net\/wp-content\/uploads\/2025\/05\/IMG_0598-rotated.jpg 1512w\" sizes=\"auto, (max-width: 768px) 100vw, 768px\" \/><\/figure>\n\n\n\n<figure class=\"wp-block-image size-large\"><img decoding=\"async\" data-id=\"1555\" src=\"https:\/\/islandpferdefreunde-zdm.net\/wp-content\/uploads\/2025\/05\/IMG_0600-768x1024.jpg\" alt=\"\" class=\"wp-image-1555\"\/><\/figure>\n\n\n\n<figure class=\"wp-block-image size-large\"><img decoding=\"async\" data-id=\"1556\" src=\"https:\/\/islandpferdefreunde-zdm.net\/wp-content\/uploads\/2025\/05\/IMG_0605-768x1024.jpg\" alt=\"\" class=\"wp-image-1556\"\/><\/figure>\n<\/figure>\n\n\n\n<p><strong>1. Mai Ausritt in Sankt-Peter-Ording,<\/strong> bei strahlendem Sonnenschein ging es \u00fcber den B\u00f6hler Strand. Danke Maybritt f\u00fcr die Organisation!<\/p>\n\n\n\n<ol class=\"wp-block-list\">\n<li><\/li>\n<\/ol>\n\n\n\n<figure class=\"wp-block-gallery has-nested-images columns-default is-cropped wp-block-gallery-3 is-layout-flex wp-block-gallery-is-layout-flex\">\n<figure class=\"wp-block-image size-large\"><img loading=\"lazy\" decoding=\"async\" width=\"1024\" height=\"1024\" data-id=\"1554\" src=\"https:\/\/islandpferdefreunde-zdm.net\/wp-content\/uploads\/2025\/05\/f59ee357-1217-4bd9-a9f7-9a9b614e5c58-1-1024x1024.jpg\" alt=\"\" class=\"wp-image-1554\" srcset=\"https:\/\/islandpferdefreunde-zdm.net\/wp-content\/uploads\/2025\/05\/f59ee357-1217-4bd9-a9f7-9a9b614e5c58-1-1024x1024.jpg 1024w, https:\/\/islandpferdefreunde-zdm.net\/wp-content\/uploads\/2025\/05\/f59ee357-1217-4bd9-a9f7-9a9b614e5c58-1-300x300.jpg 300w, https:\/\/islandpferdefreunde-zdm.net\/wp-content\/uploads\/2025\/05\/f59ee357-1217-4bd9-a9f7-9a9b614e5c58-1-150x150.jpg 150w, https:\/\/islandpferdefreunde-zdm.net\/wp-content\/uploads\/2025\/05\/f59ee357-1217-4bd9-a9f7-9a9b614e5c58-1-768x768.jpg 768w, https:\/\/islandpferdefreunde-zdm.net\/wp-content\/uploads\/2025\/05\/f59ee357-1217-4bd9-a9f7-9a9b614e5c58-1.jpg 1280w\" sizes=\"auto, (max-width: 1024px) 100vw, 1024px\" \/><\/figure>\n<\/figure>\n\n\n\n<p><strong><a href=\"https:\/\/forms.office.com\/Pages\/ResponsePage.aspx?id=DQSIkWdsW0yxEjajBLZtrQAAAAAAAAAAAAN__s1AOKpUNEZFVUFXU1UxMTgxME1FV09TVlAxVENTTC4u\" data-type=\"link\" data-id=\"https:\/\/forms.office.com\/Pages\/ResponsePage.aspx?id=DQSIkWdsW0yxEjajBLZtrQAAAAAAAAAAAAN__s1AOKpUNEZFVUFXU1UxMTgxME1FV09TVlAxVENTTC4u\">Bestellung von Vereinskleidung:<\/a> <\/strong>Wir wollen wieder Vereinskleidung bestellen und haben f\u00fcr euch eine Auswahl zusammengestellt. Diesmal wird eine andere Firma beauftragt, so dass die Kleidung hoffentlich von besserer Qualit\u00e4t sein wird. Bitte gebt eure Bestellung <strong>bis zum 4.5.25<\/strong> unter oben stehenden Link ab.<\/p>\n\n\n\n<p><strong>12.4.25 Ausritt in Schafstedt,<\/strong> Ritt \u00fcber die Sp\u00fclfelder am Nord-Ostsee-Kanal Ansprechpartnerin Anne (0162 66452392)<\/p>\n\n\n\n<p>Es war ein toller Ritt bei strahlendem Sonnenschein. Vielen Dank Anne!!<\/p>\n\n\n\n<figure class=\"wp-block-gallery has-nested-images columns-default is-cropped wp-block-gallery-4 is-layout-flex wp-block-gallery-is-layout-flex\">\n<figure class=\"wp-block-image size-large\"><img loading=\"lazy\" decoding=\"async\" width=\"1024\" height=\"910\" data-id=\"1541\" src=\"https:\/\/islandpferdefreunde-zdm.net\/wp-content\/uploads\/2025\/04\/4bbb400d-8072-4ebd-961c-6ff84943db67-1024x910.jpg\" alt=\"\" class=\"wp-image-1541\" srcset=\"https:\/\/islandpferdefreunde-zdm.net\/wp-content\/uploads\/2025\/04\/4bbb400d-8072-4ebd-961c-6ff84943db67-1024x910.jpg 1024w, https:\/\/islandpferdefreunde-zdm.net\/wp-content\/uploads\/2025\/04\/4bbb400d-8072-4ebd-961c-6ff84943db67-300x267.jpg 300w, https:\/\/islandpferdefreunde-zdm.net\/wp-content\/uploads\/2025\/04\/4bbb400d-8072-4ebd-961c-6ff84943db67-768x683.jpg 768w, https:\/\/islandpferdefreunde-zdm.net\/wp-content\/uploads\/2025\/04\/4bbb400d-8072-4ebd-961c-6ff84943db67.jpg 1280w\" sizes=\"auto, (max-width: 1024px) 100vw, 1024px\" \/><\/figure>\n\n\n\n<figure class=\"wp-block-image size-large\"><img loading=\"lazy\" decoding=\"async\" width=\"768\" height=\"1024\" data-id=\"1537\" src=\"https:\/\/islandpferdefreunde-zdm.net\/wp-content\/uploads\/2025\/04\/6f3228c7-8dbe-452a-af33-4c4b396d5e60-768x1024.jpg\" alt=\"\" class=\"wp-image-1537\" srcset=\"https:\/\/islandpferdefreunde-zdm.net\/wp-content\/uploads\/2025\/04\/6f3228c7-8dbe-452a-af33-4c4b396d5e60-768x1024.jpg 768w, https:\/\/islandpferdefreunde-zdm.net\/wp-content\/uploads\/2025\/04\/6f3228c7-8dbe-452a-af33-4c4b396d5e60-225x300.jpg 225w, https:\/\/islandpferdefreunde-zdm.net\/wp-content\/uploads\/2025\/04\/6f3228c7-8dbe-452a-af33-4c4b396d5e60-1152x1536.jpg 1152w, https:\/\/islandpferdefreunde-zdm.net\/wp-content\/uploads\/2025\/04\/6f3228c7-8dbe-452a-af33-4c4b396d5e60.jpg 1536w\" sizes=\"auto, (max-width: 768px) 100vw, 768px\" \/><\/figure>\n\n\n\n<figure class=\"wp-block-image size-large\"><img loading=\"lazy\" decoding=\"async\" width=\"1024\" height=\"648\" data-id=\"1538\" src=\"https:\/\/islandpferdefreunde-zdm.net\/wp-content\/uploads\/2025\/04\/276b8b26-84a7-4a3d-9b8f-da0b586411eb-1024x648.jpg\" alt=\"\" class=\"wp-image-1538\" srcset=\"https:\/\/islandpferdefreunde-zdm.net\/wp-content\/uploads\/2025\/04\/276b8b26-84a7-4a3d-9b8f-da0b586411eb-1024x648.jpg 1024w, https:\/\/islandpferdefreunde-zdm.net\/wp-content\/uploads\/2025\/04\/276b8b26-84a7-4a3d-9b8f-da0b586411eb-300x190.jpg 300w, https:\/\/islandpferdefreunde-zdm.net\/wp-content\/uploads\/2025\/04\/276b8b26-84a7-4a3d-9b8f-da0b586411eb-768x486.jpg 768w, https:\/\/islandpferdefreunde-zdm.net\/wp-content\/uploads\/2025\/04\/276b8b26-84a7-4a3d-9b8f-da0b586411eb.jpg 1280w\" sizes=\"auto, (max-width: 1024px) 100vw, 1024px\" \/><\/figure>\n\n\n\n<figure class=\"wp-block-image size-large\"><img loading=\"lazy\" decoding=\"async\" width=\"768\" height=\"1024\" data-id=\"1539\" src=\"https:\/\/islandpferdefreunde-zdm.net\/wp-content\/uploads\/2025\/04\/16144dbc-7326-4a69-b499-7dadb1619fed-768x1024.jpg\" alt=\"\" class=\"wp-image-1539\" srcset=\"https:\/\/islandpferdefreunde-zdm.net\/wp-content\/uploads\/2025\/04\/16144dbc-7326-4a69-b499-7dadb1619fed-768x1024.jpg 768w, https:\/\/islandpferdefreunde-zdm.net\/wp-content\/uploads\/2025\/04\/16144dbc-7326-4a69-b499-7dadb1619fed-225x300.jpg 225w, https:\/\/islandpferdefreunde-zdm.net\/wp-content\/uploads\/2025\/04\/16144dbc-7326-4a69-b499-7dadb1619fed.jpg 960w\" sizes=\"auto, (max-width: 768px) 100vw, 768px\" \/><\/figure>\n\n\n\n<figure class=\"wp-block-image size-large\"><img loading=\"lazy\" decoding=\"async\" width=\"1024\" height=\"769\" data-id=\"1540\" src=\"https:\/\/islandpferdefreunde-zdm.net\/wp-content\/uploads\/2025\/04\/b4da2bbe-3c9a-4ea2-8ed8-1ad9dd157ad7-1024x769.jpg\" alt=\"\" class=\"wp-image-1540\" srcset=\"https:\/\/islandpferdefreunde-zdm.net\/wp-content\/uploads\/2025\/04\/b4da2bbe-3c9a-4ea2-8ed8-1ad9dd157ad7-1024x769.jpg 1024w, https:\/\/islandpferdefreunde-zdm.net\/wp-content\/uploads\/2025\/04\/b4da2bbe-3c9a-4ea2-8ed8-1ad9dd157ad7-300x225.jpg 300w, https:\/\/islandpferdefreunde-zdm.net\/wp-content\/uploads\/2025\/04\/b4da2bbe-3c9a-4ea2-8ed8-1ad9dd157ad7-768x577.jpg 768w, https:\/\/islandpferdefreunde-zdm.net\/wp-content\/uploads\/2025\/04\/b4da2bbe-3c9a-4ea2-8ed8-1ad9dd157ad7.jpg 1280w\" sizes=\"auto, (max-width: 1024px) 100vw, 1024px\" \/><\/figure>\n<\/figure>\n\n\n\n<p class=\"has-large-font-size\"><strong> Herzlichen Gl\u00fcckwunsch!<\/strong><\/p>\n\n\n\n<p><strong>Die ersten drei Pl\u00e4tze unseres Fotowettbewerbs gingen an<\/strong><\/p>\n\n\n\n<figure class=\"wp-block-gallery has-nested-images columns-default is-cropped wp-block-gallery-5 is-layout-flex wp-block-gallery-is-layout-flex\">\n<figure class=\"wp-block-image size-large\"><img loading=\"lazy\" decoding=\"async\" width=\"1024\" height=\"683\" data-id=\"1544\" src=\"https:\/\/islandpferdefreunde-zdm.net\/wp-content\/uploads\/2025\/04\/Katharina-Voss-1024x683.jpg\" alt=\"\" class=\"wp-image-1544\" srcset=\"https:\/\/islandpferdefreunde-zdm.net\/wp-content\/uploads\/2025\/04\/Katharina-Voss-1024x683.jpg 1024w, https:\/\/islandpferdefreunde-zdm.net\/wp-content\/uploads\/2025\/04\/Katharina-Voss-300x200.jpg 300w, https:\/\/islandpferdefreunde-zdm.net\/wp-content\/uploads\/2025\/04\/Katharina-Voss-768x512.jpg 768w, https:\/\/islandpferdefreunde-zdm.net\/wp-content\/uploads\/2025\/04\/Katharina-Voss-1536x1024.jpg 1536w, https:\/\/islandpferdefreunde-zdm.net\/wp-content\/uploads\/2025\/04\/Katharina-Voss-2048x1365.jpg 2048w\" sizes=\"auto, (max-width: 1024px) 100vw, 1024px\" \/><figcaption class=\"wp-element-caption\">Platz 1 Katharina Voss<\/figcaption><\/figure>\n\n\n\n<figure class=\"wp-block-image size-large\"><img loading=\"lazy\" decoding=\"async\" width=\"1024\" height=\"1010\" data-id=\"1499\" src=\"https:\/\/islandpferdefreunde-zdm.net\/wp-content\/uploads\/2025\/03\/Lena-Hagen-1024x1010.jpeg\" alt=\"\" class=\"wp-image-1499\" srcset=\"https:\/\/islandpferdefreunde-zdm.net\/wp-content\/uploads\/2025\/03\/Lena-Hagen-1024x1010.jpeg 1024w, https:\/\/islandpferdefreunde-zdm.net\/wp-content\/uploads\/2025\/03\/Lena-Hagen-300x296.jpeg 300w, https:\/\/islandpferdefreunde-zdm.net\/wp-content\/uploads\/2025\/03\/Lena-Hagen-768x758.jpeg 768w, https:\/\/islandpferdefreunde-zdm.net\/wp-content\/uploads\/2025\/03\/Lena-Hagen.jpeg 1179w\" sizes=\"auto, (max-width: 1024px) 100vw, 1024px\" \/><figcaption class=\"wp-element-caption\">Platz 1 Lena Hagen<\/figcaption><\/figure>\n\n\n\n<figure class=\"wp-block-image size-large\"><img loading=\"lazy\" decoding=\"async\" width=\"1024\" height=\"683\" data-id=\"1543\" src=\"https:\/\/islandpferdefreunde-zdm.net\/wp-content\/uploads\/2025\/04\/IMG_0189-1024x683.jpg\" alt=\"\" class=\"wp-image-1543\" srcset=\"https:\/\/islandpferdefreunde-zdm.net\/wp-content\/uploads\/2025\/04\/IMG_0189-1024x683.jpg 1024w, https:\/\/islandpferdefreunde-zdm.net\/wp-content\/uploads\/2025\/04\/IMG_0189-300x200.jpg 300w, https:\/\/islandpferdefreunde-zdm.net\/wp-content\/uploads\/2025\/04\/IMG_0189-768x512.jpg 768w, https:\/\/islandpferdefreunde-zdm.net\/wp-content\/uploads\/2025\/04\/IMG_0189-1536x1024.jpg 1536w, https:\/\/islandpferdefreunde-zdm.net\/wp-content\/uploads\/2025\/04\/IMG_0189-2048x1365.jpg 2048w\" sizes=\"auto, (max-width: 1024px) 100vw, 1024px\" \/><figcaption class=\"wp-element-caption\">Platz 3 Maybritt B\u00f6rner<\/figcaption><\/figure>\n<\/figure>\n\n\n\n<p><a href=\"http:\/\/islandpferdefreunde-zdm.net\/wp-content\/uploads\/2025\/02\/Tagesordnung-JHV-2025.pdf\"><strong>Jahreshauptversammlung 2025 <\/strong><\/a><\/p>\n\n\n\n<p>Bei unserer Jahreshauptversammlung am 28.2.25 waren 18 Mitglieder und 2 G\u00e4ste anwesend. Wir haben in Silberstedt gem\u00fctlich zusammen gesessen. Es gab mehrere personelle Wechsel im Vorstand und es wurden die Termine f\u00fcr das Jahr geplant. Genaueres erfahrt ihr hier: <a href=\"http:\/\/islandpferdefreunde-zdm.net\/wp-content\/uploads\/2025\/03\/28.2.25-Protokoll-JHV.pdf\">Protokoll JHV 2025<\/a>.<\/p>\n\n\n\n<p><a href=\"http:\/\/islandpferdefreunde-zdm.net\/wp-content\/uploads\/2025\/02\/Tagesordnung-JHV-2025.pdf\"><strong>Jahreshauptversammlung 2025<\/strong> <\/a><\/p>\n\n\n\n<p>Unsere Jahreshauptversammlung findet in diesem Jahr am 28.2.25 um 19 Uhr im Restaurant Schimmelreiter in 24887 Silberstedt statt (Flohmarkt  und B\u00fccherb\u00f6rse am 18 Uhr).<a href=\"http:\/\/islandpferdefreunde-zdm.net\/wp-content\/uploads\/2025\/02\/Tagesordnung-JHV-2025.pdf\"> Achtung: Ver\u00e4nderte Tagesordnung!<\/a> <\/p>\n\n\n\n<p><a href=\"https:\/\/islandpferdefreunde-zdm.net\/?p=1273\"><strong>Stammtisch 31.1.25<\/strong> <\/a><\/p>\n\n\n\n<p>Am 31.1.2025 findet der n\u00e4chste Stammtisch bei Katharina in Rabenkirchenholz mit einem Vortrag zum Thema &#8222;Dicke Pferde &#8211; Ursachen und Gegenma\u00dfnahmen&#8220; statt. Bitte meldet euch bei Katharina unter Tel. 01522 4397354 an.&nbsp;<\/p>\n\n\n<ul class=\"wp-block-latest-posts__list wp-block-latest-posts\"><li><a class=\"wp-block-latest-posts__post-title\" href=\"https:\/\/islandpferdefreunde-zdm.net\/?p=1466\">Fotowettbewerb<\/a><div class=\"wp-block-latest-posts__post-excerpt\">Uns fehlen f\u00fcr eine Fotogalerie auf dieser Webseite richtig tolle Fotos von unseren Vierbeinern. Daf\u00fcr m\u00f6chten wir euch zu einem Fotowettbewerb einladen: Schickt uns bis zum 31.1.25 ein selbst geschossenes digitales Foto rund um unsere Isis, mit dem ihr teilnehmen wollt. Bitte nur ein Foto pro Teilnehmer*in. Mit der Einsendung gebt ihr euer Einverst\u00e4ndnis, dass\u2026\u00a0<a class=\"wp-block-latest-posts__read-more\" href=\"https:\/\/islandpferdefreunde-zdm.net\/?p=1466\" rel=\"noopener noreferrer\"><span class=\"screen-reader-text\">Fotowettbewerb <\/span>weiterlesen<\/a><\/div><\/li>\n<li><a class=\"wp-block-latest-posts__post-title\" href=\"https:\/\/islandpferdefreunde-zdm.net\/?p=1273\">Stammtisch 25.10.24 in Mohrkirch<\/a><div class=\"wp-block-latest-posts__post-excerpt\">Am 25. Oktober ab 19:00 Uhr findet der n\u00e4chste Stammtisch bei Marina in der Schmiedestr. 5, 24405 Mohrkirch mit einem Vortrag \u00fcber Versicherungen statt. Bitte meldet euch bei Marina unter Tel. 01577 0458515 an.\u00a0<\/div><\/li>\n<li><a class=\"wp-block-latest-posts__post-title\" href=\"https:\/\/islandpferdefreunde-zdm.net\/?p=1257\">Gem\u00fctlicher Stammtisch in Kleve<\/a><div class=\"wp-block-latest-posts__post-excerpt\">Zum gemeinsamen Pizzaessen, Austausch und Kl\u00f6nen haben wir uns bei Regina und Jan Wulff in Kleve zum Stammtisch getroffen. Herzlichen Dank f\u00fcr den gem\u00fctlichen Abend!<\/div><\/li>\n<li><a class=\"wp-block-latest-posts__post-title\" href=\"https:\/\/islandpferdefreunde-zdm.net\/?p=1244\">Stammtisch in Kleve am 28.6.24 um 19 Uhr<\/a><div class=\"wp-block-latest-posts__post-excerpt\">Liebe Islandpferdefreunde, der kommende Stammtisch findet am 28.6.24 um 19:00 Uhr bei Jan und Regina Wulff, Op de H\u00f6ch 18 in 25779 Kleve statt. Wir wollen Pizza bestellen Tripoli Speisekarte f\u00fcr Heide &amp; Husum | Lieferservice Tripoli und hoffen auf rege Beteiligung zum Kl\u00f6nen und Austausch. Bitte meldet euch bei Regina unter Tel. 0173-9574313\u00a0mit eurem\u2026\u00a0<a class=\"wp-block-latest-posts__read-more\" href=\"https:\/\/islandpferdefreunde-zdm.net\/?p=1244\" rel=\"noopener noreferrer\"><span class=\"screen-reader-text\">Stammtisch in Kleve am 28.6.24 um 19 Uhr <\/span>weiterlesen<\/a><\/div><\/li>\n<li><a class=\"wp-block-latest-posts__post-title\" href=\"https:\/\/islandpferdefreunde-zdm.net\/?p=1236\">Update zum Stammtisch bei Katharina am 31.05.24 in Rabenkirchenholz<\/a><div class=\"wp-block-latest-posts__post-excerpt\">Liebe Islandpferdefreunde, der kommende Stammtisch findet wie bereits angek\u00fcndigt bei Katharina in Rabenkirchenholz statt. Katharina wird einen Vortrag \u00fcber &#8222;Training von dicken Pferden&#8220; halten und es gibt dar\u00fcber hinaus ein von ihr erstelltes Begleitheft mit zus\u00e4tzlichen Informationen rund um das Thema &#8222;Dicke Pferde&#8220;. Die Kosten tr\u00e4gt der Verein. Lasst euch diesen spannenden Termin also nicht\u2026\u00a0<a class=\"wp-block-latest-posts__read-more\" href=\"https:\/\/islandpferdefreunde-zdm.net\/?p=1236\" rel=\"noopener noreferrer\"><span class=\"screen-reader-text\">Update zum Stammtisch bei Katharina am 31.05.24 in Rabenkirchenholz <\/span>weiterlesen<\/a><\/div><\/li>\n<\/ul>\n\n\n<figure class=\"wp-block-image size-large is-style-default\"><img loading=\"lazy\" decoding=\"async\" width=\"1024\" height=\"768\" src=\"http:\/\/islandpferdefreunde-zdm.net\/wp-content\/uploads\/2024\/07\/11b0f816-1d41-4741-8d06-0828cbba7b6b-2-1024x768.jpg\" alt=\"Stammtisch\" class=\"wp-image-1270\" srcset=\"https:\/\/islandpferdefreunde-zdm.net\/wp-content\/uploads\/2024\/07\/11b0f816-1d41-4741-8d06-0828cbba7b6b-2-1024x768.jpg 1024w, https:\/\/islandpferdefreunde-zdm.net\/wp-content\/uploads\/2024\/07\/11b0f816-1d41-4741-8d06-0828cbba7b6b-2-300x225.jpg 300w, https:\/\/islandpferdefreunde-zdm.net\/wp-content\/uploads\/2024\/07\/11b0f816-1d41-4741-8d06-0828cbba7b6b-2-768x576.jpg 768w, https:\/\/islandpferdefreunde-zdm.net\/wp-content\/uploads\/2024\/07\/11b0f816-1d41-4741-8d06-0828cbba7b6b-2-1536x1152.jpg 1536w, https:\/\/islandpferdefreunde-zdm.net\/wp-content\/uploads\/2024\/07\/11b0f816-1d41-4741-8d06-0828cbba7b6b-2-600x450.jpg 600w, https:\/\/islandpferdefreunde-zdm.net\/wp-content\/uploads\/2024\/07\/11b0f816-1d41-4741-8d06-0828cbba7b6b-2-945x709.jpg 945w, https:\/\/islandpferdefreunde-zdm.net\/wp-content\/uploads\/2024\/07\/11b0f816-1d41-4741-8d06-0828cbba7b6b-2.jpg 2048w\" sizes=\"auto, (max-width: 1024px) 100vw, 1024px\" \/><\/figure>\n","protected":false},"excerpt":{"rendered":"<p>Am 21.11.25 fand unser Stammtisch auf Gut Apeld\u00f6r statt. Wir hatten einen gem\u00fctlich Abend mit guten Gespr\u00e4chen in winterlicher Stimmung. Der T\u00f6ltkurs in 24407 Rabenkirchenholz wurde sehr gut angenommen. Wir haben viel gelernt und freuen uns auf die folgenden Kurse. 3.5. 25 Sattelseminar mit der Sattelfitterin (und Osteopathin, Physiotherapeutin und Craniosacral-Therapeutin) Ina Nielsen, F\u00fcr sieben [&hellip;]<\/p>\n","protected":false},"author":1,"featured_media":0,"parent":0,"menu_order":0,"comment_status":"closed","ping_status":"closed","template":"","meta":{"footnotes":""},"class_list":["post-1328","page","type-page","status-publish","hentry"],"_links":{"self":[{"href":"https:\/\/islandpferdefreunde-zdm.net\/index.php?rest_route=\/wp\/v2\/pages\/1328","targetHints":{"allow":["GET"]}}],"collection":[{"href":"https:\/\/islandpferdefreunde-zdm.net\/index.php?rest_route=\/wp\/v2\/pages"}],"about":[{"href":"https:\/\/islandpferdefreunde-zdm.net\/index.php?rest_route=\/wp\/v2\/types\/page"}],"author":[{"embeddable":true,"href":"https:\/\/islandpferdefreunde-zdm.net\/index.php?rest_route=\/wp\/v2\/users\/1"}],"replies":[{"embeddable":true,"href":"https:\/\/islandpferdefreunde-zdm.net\/index.php?rest_route=%2Fwp%2Fv2%2Fcomments&post=1328"}],"version-history":[{"count":22,"href":"https:\/\/islandpferdefreunde-zdm.net\/index.php?rest_route=\/wp\/v2\/pages\/1328\/revisions"}],"predecessor-version":[{"id":1590,"href":"https:\/\/islandpferdefreunde-zdm.net\/index.php?rest_route=\/wp\/v2\/pages\/1328\/revisions\/1590"}],"wp:attachment":[{"href":"https:\/\/islandpferdefreunde-zdm.net\/index.php?rest_route=%2Fwp%2Fv2%2Fmedia&parent=1328"}],"curies":[{"name":"wp","href":"https:\/\/api.w.org\/{rel}","templated":true}]}}